{"id":77,"date":"2014-01-07T16:03:51","date_gmt":"2014-01-07T15:03:51","guid":{"rendered":"http:\/\/www.camping-traisen.at\/?page_id=77"},"modified":"2020-06-01T14:10:44","modified_gmt":"2020-06-01T12:10:44","slug":"facebook","status":"publish","type":"page","link":"https:\/\/www.camping-traisen.at\/en\/home\/facebook\/","title":{"rendered":"Facebook News"},"content":{"rendered":"<div class=\"cff-wrapper\"><div class=\"cff-wrapper-ctn \"  style=\"padding:2em;\" ><div id=\"cff\"  class=\"cff cff-list-container  cff-default-styles  cff-mob-cols-1 cff-tab-cols-1\"   style=\"width:100%;\"   data-char=\"400\" ><div class=\"cff-posts-wrap cff-posts-wrap-box-shadow\"><div id=\"cff_118411548202288_1547802637345182\" class=\"cff-item cff-photo-post cff-box cff-shadow author-terrassen-camping-traisen\"  style=\"border-radius:5px;\" >\n\t<div class=\"cff-author\">\n\t<div class=\"cff-author-text\">\n\t\t\t\t\t<div class=\"cff-page-name cff-author-date\" >\n\t\t\t\t<a href=\"https:\/\/facebook.com\/118411548202288\" target=\"_blank\" rel=\"nofollow noopener\" >Terrassen Camping Traisen<\/a>\n\t\t\t\t<span class=\"cff-story\"> <\/span>\n\t\t\t<\/div>\n\t\t\t\n<p class=\"cff-date\" > 14.04.26 - 10:14 <\/p>\n\t\t\t<\/div>\n\t<div class=\"cff-author-img \" data-avatar=\"https:\/\/scontent-fra3-1.xx.fbcdn.net\/v\/t39.30808-1\/305991439_510009644457825_6202856247989325540_n.png?stp=cp0_dst-png_s50x50&#038;_nc_cat=105&#038;ccb=1-7&#038;_nc_sid=f907e8&#038;_nc_ohc=PnuyEcI5rmAQ7kNvwGSfMM8&#038;_nc_oc=Adql42GbKNPTqf19b2vUjiwIqRZLp3-1_vTe99ddcGFfdzVSFruWuKvSR6n7XOLQAoA&#038;_nc_zt=24&#038;_nc_ht=scontent-fra3-1.xx&#038;edm=AKIiGfEEAAAA&#038;_nc_gid=FL8S81cbkqG4qWA1hOzf5w&#038;_nc_tpa=Q5bMBQFbCyfph6wI4dN7Ez-U-D8GYQI7nh3DvevJTLmtoy8Qfjych6fAK66XatwysbDdsanNQe639wJHZA&#038;oh=00_Af02aazU1tFJQ8fOkavplVQr_qbUcjAN2PDtabvzYKchdg&#038;oe=69F53378\">\n\t\t<a href=\"https:\/\/facebook.com\/118411548202288\" target=\"_blank\" rel=\"nofollow noopener\" ><img decoding=\"async\" src=\"https:\/\/scontent-fra3-1.xx.fbcdn.net\/v\/t39.30808-1\/305991439_510009644457825_6202856247989325540_n.png?stp=cp0_dst-png_s50x50&#038;_nc_cat=105&#038;ccb=1-7&#038;_nc_sid=f907e8&#038;_nc_ohc=PnuyEcI5rmAQ7kNvwGSfMM8&#038;_nc_oc=Adql42GbKNPTqf19b2vUjiwIqRZLp3-1_vTe99ddcGFfdzVSFruWuKvSR6n7XOLQAoA&#038;_nc_zt=24&#038;_nc_ht=scontent-fra3-1.xx&#038;edm=AKIiGfEEAAAA&#038;_nc_gid=FL8S81cbkqG4qWA1hOzf5w&#038;_nc_tpa=Q5bMBQFbCyfph6wI4dN7Ez-U-D8GYQI7nh3DvevJTLmtoy8Qfjych6fAK66XatwysbDdsanNQe639wJHZA&#038;oh=00_Af02aazU1tFJQ8fOkavplVQr_qbUcjAN2PDtabvzYKchdg&#038;oe=69F53378\" title=\"Terrassen Camping Traisen\" alt=\"Terrassen Camping Traisen\" width=40 height=40 onerror=\"this.style.display='none'\"><\/a>\n\t<\/div>\n<\/div>\n\n<div class=\"cff-post-text\" >\n\t<span class=\"cff-text\" data-color=\"\">\n\t\tHerzlichen Gl\u00fcckwunsch unserer Jungunternehmerin Elisa die ab 01. Mai unser Bistro leitet \ud83e\udd73\ud83d\ude0e Wir sind \u00fcbergl\u00fccklich \ud83e\udd29\t\t\t<\/span>\n\t<span class=\"cff-expand\">... <a href=\"#\" style=\"color: #\"><span class=\"cff-more\">Mehr<\/span><span class=\"cff-less\">Weniger<\/span><\/a><\/span>\n\n<\/div>\n\n<p class=\"cff-media-link\">\n\t<a href=\"https:\/\/www.facebook.com\/photo.php?fbid=1547802610678518&#038;set=a.510009614457828&#038;type=3\" target=\"_blank\" style=\"color: #\">\n\t\t<span style=\"padding-right: 5px;\" class=\"fa fas fa-picture-o fa-image\"><\/span>Foto\t<\/a>\n<\/p>\n\t\t<div class=\"cff-post-links\">\n\t\t\t\t\t<a class=\"cff-viewpost-facebook\" href=\"https:\/\/www.facebook.com\/photo.php?fbid=1547802610678518&#038;set=a.510009614457828&#038;type=3\" title=\"Gehe zu Facebook\" target=\"_blank\" rel=\"nofollow noopener\" >Gehe zu Facebook<\/a>\n\t\t\t\t\t\t\t<div class=\"cff-share-container\">\n\t\t\t\t\t\t\t\t\t<span class=\"cff-dot\" >&middot;<\/span>\n\t\t\t\t\t\t\t\t<a class=\"cff-share-link\" href=\"https:\/\/www.facebook.com\/sharer\/sharer.php?u=https%3A%2F%2Fwww.facebook.com%2Fphoto.php%3Ffbid%3D1547802610678518%26amp%3Bset%3Da.510009614457828%26amp%3Btype%3D3\" title=\"Teilen\" >Teilen<\/a>\n\t\t\t\t<p class=\"cff-share-tooltip\">\n\t\t\t\t\t\t\t\t\t\t\t<a href=\"https:\/\/www.facebook.com\/sharer\/sharer.php?u=https%3A%2F%2Fwww.facebook.com%2Fphoto.php%3Ffbid%3D1547802610678518%26amp%3Bset%3Da.510009614457828%26amp%3Btype%3D3\" target=\"_blank\" rel=\"noopener noreferrer\" class=\"cff-facebook-icon\">\n\t\t\t\t\t\t\t<span class=\"fa fab fa-facebook-square\" aria-hidden=\"true\"><\/span>\n\t\t\t\t\t\t\t<span class=\"cff-screenreader\">Auf Facebook teilen<\/span>\n\t\t\t\t\t\t<\/a>\n\t\t\t\t\t\t\t\t\t\t\t<a href=\"https:\/\/twitter.com\/intent\/tweet?text=https%3A%2F%2Fwww.facebook.com%2Fphoto.php%3Ffbid%3D1547802610678518%26amp%3Bset%3Da.510009614457828%26amp%3Btype%3D3\" target=\"_blank\" rel=\"noopener noreferrer\" class=\"cff-twitter-icon\">\n\t\t\t\t\t\t\t<span class=\"fa fab fa-twitter\" aria-hidden=\"true\"><\/span>\n\t\t\t\t\t\t\t<span class=\"cff-screenreader\">Auf Twitter teilen<\/span>\n\t\t\t\t\t\t<\/a>\n\t\t\t\t\t\t\t\t\t\t\t<a href=\"https:\/\/www.linkedin.com\/shareArticle?mini=true&#038;url=https%3A%2F%2Fwww.facebook.com%2Fphoto.php%3Ffbid%3D1547802610678518%26amp%3Bset%3Da.510009614457828%26amp%3Btype%3D3&#038;title=%09%09%09Herzlichen%20Gl%C3%BCckwunsch%20unserer%20Jungunternehmerin%20Elisa%20die%20ab%2001.%20Mai%20unser%20Bistro%20leitet%20%F0%9F%A5%B3%F0%9F%98%8E%20Wir%20sind%20%C3%BCbergl%C3%BCcklich%20%F0%9F%A4%A9%09%09%09%09\" target=\"_blank\" rel=\"noopener noreferrer\" class=\"cff-linkedin-icon\">\n\t\t\t\t\t\t\t<span class=\"fa fab fa-linkedin\" aria-hidden=\"true\"><\/span>\n\t\t\t\t\t\t\t<span class=\"cff-screenreader\">Auf LinkedIn teilen<\/span>\n\t\t\t\t\t\t<\/a>\n\t\t\t\t\t\t\t\t\t\t\t<a href=\"mailto:?subject=Facebook&#038;body=https%3A%2F%2Fwww.facebook.com%2Fphoto.php%3Ffbid%3D1547802610678518%26amp%3Bset%3Da.510009614457828%26amp%3Btype%3D3%20-%20%0A%0A%09%0A%09%09Herzlichen%20Gl%C3%BCckwunsch%20unserer%20Jungunternehmerin%20Elisa%20die%20ab%2001.%20Mai%20unser%20Bistro%20leitet%20%F0%9F%A5%B3%F0%9F%98%8E%20Wir%20sind%20%C3%BCbergl%C3%BCcklich%20%F0%9F%A4%A9%09%09%09%0A%09\" target=\"_blank\" rel=\"noopener noreferrer\" class=\"cff-email-icon\">\n\t\t\t\t\t\t\t<span class=\"fa fab fa-envelope\" aria-hidden=\"true\"><\/span>\n\t\t\t\t\t\t\t<span class=\"cff-screenreader\">Per E-Mail teilen<\/span>\n\t\t\t\t\t\t<\/a>\n\t\t\t\t\t\t\t\t\t<\/p>\n\t\t\t<\/div>\n\t\t\t<\/div>\n\t<\/div>\n\n\n\n<div id=\"cff_118411548202288_1460331096092337\" class=\"cff-item cff-photo-post cff-box cff-shadow author-terrassen-camping-traisen\"  style=\"border-radius:5px;\" >\n\t<div class=\"cff-author\">\n\t<div class=\"cff-author-text\">\n\t\t\t\t\t<div class=\"cff-page-name cff-author-date\" >\n\t\t\t\t<a href=\"https:\/\/facebook.com\/118411548202288\" target=\"_blank\" rel=\"nofollow noopener\" >Terrassen Camping Traisen<\/a>\n\t\t\t\t<span class=\"cff-story\"> <\/span>\n\t\t\t<\/div>\n\t\t\t\n<p class=\"cff-date\" > 08.01.26 - 17:27 <\/p>\n\t\t\t<\/div>\n\t<div class=\"cff-author-img \" data-avatar=\"https:\/\/scontent-fra3-1.xx.fbcdn.net\/v\/t39.30808-1\/305991439_510009644457825_6202856247989325540_n.png?stp=cp0_dst-png_s50x50&#038;_nc_cat=105&#038;ccb=1-7&#038;_nc_sid=f907e8&#038;_nc_ohc=PnuyEcI5rmAQ7kNvwGSfMM8&#038;_nc_oc=Adql42GbKNPTqf19b2vUjiwIqRZLp3-1_vTe99ddcGFfdzVSFruWuKvSR6n7XOLQAoA&#038;_nc_zt=24&#038;_nc_ht=scontent-fra3-1.xx&#038;edm=AKIiGfEEAAAA&#038;_nc_gid=FL8S81cbkqG4qWA1hOzf5w&#038;_nc_tpa=Q5bMBQFbCyfph6wI4dN7Ez-U-D8GYQI7nh3DvevJTLmtoy8Qfjych6fAK66XatwysbDdsanNQe639wJHZA&#038;oh=00_Af02aazU1tFJQ8fOkavplVQr_qbUcjAN2PDtabvzYKchdg&#038;oe=69F53378\">\n\t\t<a href=\"https:\/\/facebook.com\/118411548202288\" target=\"_blank\" rel=\"nofollow noopener\" ><img decoding=\"async\" src=\"https:\/\/scontent-fra3-1.xx.fbcdn.net\/v\/t39.30808-1\/305991439_510009644457825_6202856247989325540_n.png?stp=cp0_dst-png_s50x50&#038;_nc_cat=105&#038;ccb=1-7&#038;_nc_sid=f907e8&#038;_nc_ohc=PnuyEcI5rmAQ7kNvwGSfMM8&#038;_nc_oc=Adql42GbKNPTqf19b2vUjiwIqRZLp3-1_vTe99ddcGFfdzVSFruWuKvSR6n7XOLQAoA&#038;_nc_zt=24&#038;_nc_ht=scontent-fra3-1.xx&#038;edm=AKIiGfEEAAAA&#038;_nc_gid=FL8S81cbkqG4qWA1hOzf5w&#038;_nc_tpa=Q5bMBQFbCyfph6wI4dN7Ez-U-D8GYQI7nh3DvevJTLmtoy8Qfjych6fAK66XatwysbDdsanNQe639wJHZA&#038;oh=00_Af02aazU1tFJQ8fOkavplVQr_qbUcjAN2PDtabvzYKchdg&#038;oe=69F53378\" title=\"Terrassen Camping Traisen\" alt=\"Terrassen Camping Traisen\" width=40 height=40 onerror=\"this.style.display='none'\"><\/a>\n\t<\/div>\n<\/div>\n\n<div class=\"cff-post-text\" >\n\t<span class=\"cff-text\" data-color=\"\">\n\t\tWir suchen eine\/n P\u00e4chter\/in f\u00fcr unser sch\u00f6nes Bistro \ud83d\ude0a Bitte flei\u00dfig teilen und verbreiten \ud83e\udd29\t\t\t<\/span>\n\t<span class=\"cff-expand\">... <a href=\"#\" style=\"color: #\"><span class=\"cff-more\">Mehr<\/span><span class=\"cff-less\">Weniger<\/span><\/a><\/span>\n\n<\/div>\n\n<p class=\"cff-media-link\">\n\t<a href=\"https:\/\/www.facebook.com\/photo.php?fbid=1460331086092338&#038;set=a.510009614457828&#038;type=3\" target=\"_blank\" style=\"color: #\">\n\t\t<span style=\"padding-right: 5px;\" class=\"fa fas fa-picture-o fa-image\"><\/span>Foto\t<\/a>\n<\/p>\n\t\t<div class=\"cff-post-links\">\n\t\t\t\t\t<a class=\"cff-viewpost-facebook\" href=\"https:\/\/www.facebook.com\/photo.php?fbid=1460331086092338&#038;set=a.510009614457828&#038;type=3\" title=\"Gehe zu Facebook\" target=\"_blank\" rel=\"nofollow noopener\" >Gehe zu Facebook<\/a>\n\t\t\t\t\t\t\t<div class=\"cff-share-container\">\n\t\t\t\t\t\t\t\t\t<span class=\"cff-dot\" >&middot;<\/span>\n\t\t\t\t\t\t\t\t<a class=\"cff-share-link\" href=\"https:\/\/www.facebook.com\/sharer\/sharer.php?u=https%3A%2F%2Fwww.facebook.com%2Fphoto.php%3Ffbid%3D1460331086092338%26amp%3Bset%3Da.510009614457828%26amp%3Btype%3D3\" title=\"Teilen\" >Teilen<\/a>\n\t\t\t\t<p class=\"cff-share-tooltip\">\n\t\t\t\t\t\t\t\t\t\t\t<a href=\"https:\/\/www.facebook.com\/sharer\/sharer.php?u=https%3A%2F%2Fwww.facebook.com%2Fphoto.php%3Ffbid%3D1460331086092338%26amp%3Bset%3Da.510009614457828%26amp%3Btype%3D3\" target=\"_blank\" rel=\"noopener noreferrer\" class=\"cff-facebook-icon\">\n\t\t\t\t\t\t\t<span class=\"fa fab fa-facebook-square\" aria-hidden=\"true\"><\/span>\n\t\t\t\t\t\t\t<span class=\"cff-screenreader\">Auf Facebook teilen<\/span>\n\t\t\t\t\t\t<\/a>\n\t\t\t\t\t\t\t\t\t\t\t<a href=\"https:\/\/twitter.com\/intent\/tweet?text=https%3A%2F%2Fwww.facebook.com%2Fphoto.php%3Ffbid%3D1460331086092338%26amp%3Bset%3Da.510009614457828%26amp%3Btype%3D3\" target=\"_blank\" rel=\"noopener noreferrer\" class=\"cff-twitter-icon\">\n\t\t\t\t\t\t\t<span class=\"fa fab fa-twitter\" aria-hidden=\"true\"><\/span>\n\t\t\t\t\t\t\t<span class=\"cff-screenreader\">Auf Twitter teilen<\/span>\n\t\t\t\t\t\t<\/a>\n\t\t\t\t\t\t\t\t\t\t\t<a href=\"https:\/\/www.linkedin.com\/shareArticle?mini=true&#038;url=https%3A%2F%2Fwww.facebook.com%2Fphoto.php%3Ffbid%3D1460331086092338%26amp%3Bset%3Da.510009614457828%26amp%3Btype%3D3&#038;title=%09%09%09Wir%20suchen%20eine%2Fn%20P%C3%A4chter%2Fin%20f%C3%BCr%20unser%20sch%C3%B6nes%20Bistro%20%F0%9F%98%8A%20Bitte%20flei%C3%9Fig%20teilen%20und%20verbreiten%20%F0%9F%A4%A9%09%09%09%09\" target=\"_blank\" rel=\"noopener noreferrer\" class=\"cff-linkedin-icon\">\n\t\t\t\t\t\t\t<span class=\"fa fab fa-linkedin\" aria-hidden=\"true\"><\/span>\n\t\t\t\t\t\t\t<span class=\"cff-screenreader\">Auf LinkedIn teilen<\/span>\n\t\t\t\t\t\t<\/a>\n\t\t\t\t\t\t\t\t\t\t\t<a href=\"mailto:?subject=Facebook&#038;body=https%3A%2F%2Fwww.facebook.com%2Fphoto.php%3Ffbid%3D1460331086092338%26amp%3Bset%3Da.510009614457828%26amp%3Btype%3D3%20-%20%0A%0A%09%0A%09%09Wir%20suchen%20eine%2Fn%20P%C3%A4chter%2Fin%20f%C3%BCr%20unser%20sch%C3%B6nes%20Bistro%20%F0%9F%98%8A%20Bitte%20flei%C3%9Fig%20teilen%20und%20verbreiten%20%F0%9F%A4%A9%09%09%09%0A%09\" target=\"_blank\" rel=\"noopener noreferrer\" class=\"cff-email-icon\">\n\t\t\t\t\t\t\t<span class=\"fa fab fa-envelope\" aria-hidden=\"true\"><\/span>\n\t\t\t\t\t\t\t<span class=\"cff-screenreader\">Per E-Mail teilen<\/span>\n\t\t\t\t\t\t<\/a>\n\t\t\t\t\t\t\t\t\t<\/p>\n\t\t\t<\/div>\n\t\t\t<\/div>\n\t<\/div>\n\n\n\n<div id=\"cff_118411548202288_1255660249892757\" class=\"cff-item cff-status-post cff-album cff-box cff-shadow author-terrassen-camping-traisen\"  style=\"border-radius:5px;\" >\n\t<div class=\"cff-author\">\n\t<div class=\"cff-author-text\">\n\t\t\t\t\t<div class=\"cff-page-name cff-author-date\" >\n\t\t\t\t<a href=\"https:\/\/facebook.com\/118411548202288\" target=\"_blank\" rel=\"nofollow noopener\" >Terrassen Camping Traisen<\/a>\n\t\t\t\t<span class=\"cff-story\"> <\/span>\n\t\t\t<\/div>\n\t\t\t\n<p class=\"cff-date\" > 24.05.25 - 17:41 <\/p>\n\t\t\t<\/div>\n\t<div class=\"cff-author-img \" data-avatar=\"https:\/\/scontent-fra3-1.xx.fbcdn.net\/v\/t39.30808-1\/305991439_510009644457825_6202856247989325540_n.png?stp=cp0_dst-png_s50x50&#038;_nc_cat=105&#038;ccb=1-7&#038;_nc_sid=f907e8&#038;_nc_ohc=PnuyEcI5rmAQ7kNvwGSfMM8&#038;_nc_oc=Adql42GbKNPTqf19b2vUjiwIqRZLp3-1_vTe99ddcGFfdzVSFruWuKvSR6n7XOLQAoA&#038;_nc_zt=24&#038;_nc_ht=scontent-fra3-1.xx&#038;edm=AKIiGfEEAAAA&#038;_nc_gid=FL8S81cbkqG4qWA1hOzf5w&#038;_nc_tpa=Q5bMBQFbCyfph6wI4dN7Ez-U-D8GYQI7nh3DvevJTLmtoy8Qfjych6fAK66XatwysbDdsanNQe639wJHZA&#038;oh=00_Af02aazU1tFJQ8fOkavplVQr_qbUcjAN2PDtabvzYKchdg&#038;oe=69F53378\">\n\t\t<a href=\"https:\/\/facebook.com\/118411548202288\" target=\"_blank\" rel=\"nofollow noopener\" ><img decoding=\"async\" src=\"https:\/\/scontent-fra3-1.xx.fbcdn.net\/v\/t39.30808-1\/305991439_510009644457825_6202856247989325540_n.png?stp=cp0_dst-png_s50x50&#038;_nc_cat=105&#038;ccb=1-7&#038;_nc_sid=f907e8&#038;_nc_ohc=PnuyEcI5rmAQ7kNvwGSfMM8&#038;_nc_oc=Adql42GbKNPTqf19b2vUjiwIqRZLp3-1_vTe99ddcGFfdzVSFruWuKvSR6n7XOLQAoA&#038;_nc_zt=24&#038;_nc_ht=scontent-fra3-1.xx&#038;edm=AKIiGfEEAAAA&#038;_nc_gid=FL8S81cbkqG4qWA1hOzf5w&#038;_nc_tpa=Q5bMBQFbCyfph6wI4dN7Ez-U-D8GYQI7nh3DvevJTLmtoy8Qfjych6fAK66XatwysbDdsanNQe639wJHZA&#038;oh=00_Af02aazU1tFJQ8fOkavplVQr_qbUcjAN2PDtabvzYKchdg&#038;oe=69F53378\" title=\"Terrassen Camping Traisen\" alt=\"Terrassen Camping Traisen\" width=40 height=40 onerror=\"this.style.display='none'\"><\/a>\n\t<\/div>\n<\/div>\n\n<div class=\"cff-post-text\" >\n\t<span class=\"cff-text\" data-color=\"\">\n\t\tLust auf Urlaub in der Natur ohne Zelt und Schlafs\u00e4cke mitschleppen zu m\u00fcssen? Dann sind unsere Tipi Zelte genau das Richtige \ud83d\ude0d rechtzeitig buchen \u00fcber unsere Website camping-traisen.at \ud83d\ude09\t\t\t<\/span>\n\t<span class=\"cff-expand\">... <a href=\"#\" style=\"color: #\"><span class=\"cff-more\">Mehr<\/span><span class=\"cff-less\">Weniger<\/span><\/a><\/span>\n\n<\/div>\n\n<p class=\"cff-media-link\">\n\t<a href=\"https:\/\/www.facebook.com\/510121561113300\/posts\/1255660249892757\" target=\"_blank\" style=\"color: #\">\n\t\t<span style=\"padding-right: 5px;\" class=\"fa fas fa-picture-o fa-image\"><\/span>Foto\t<\/a>\n<\/p>\n\t\t<div class=\"cff-post-links\">\n\t\t\t\t\t<a class=\"cff-viewpost-facebook\" href=\"https:\/\/www.facebook.com\/510121561113300\/posts\/1255660249892757\" title=\"Gehe zu Facebook\" target=\"_blank\" rel=\"nofollow noopener\" >Gehe zu Facebook<\/a>\n\t\t\t\t\t\t\t<div class=\"cff-share-container\">\n\t\t\t\t\t\t\t\t\t<span class=\"cff-dot\" >&middot;<\/span>\n\t\t\t\t\t\t\t\t<a class=\"cff-share-link\" href=\"https:\/\/www.facebook.com\/sharer\/sharer.php?u=https%3A%2F%2Fwww.facebook.com%2F510121561113300%2Fposts%2F1255660249892757\" title=\"Teilen\" >Teilen<\/a>\n\t\t\t\t<p class=\"cff-share-tooltip\">\n\t\t\t\t\t\t\t\t\t\t\t<a href=\"https:\/\/www.facebook.com\/sharer\/sharer.php?u=https%3A%2F%2Fwww.facebook.com%2F510121561113300%2Fposts%2F1255660249892757\" target=\"_blank\" rel=\"noopener noreferrer\" class=\"cff-facebook-icon\">\n\t\t\t\t\t\t\t<span class=\"fa fab fa-facebook-square\" aria-hidden=\"true\"><\/span>\n\t\t\t\t\t\t\t<span class=\"cff-screenreader\">Auf Facebook teilen<\/span>\n\t\t\t\t\t\t<\/a>\n\t\t\t\t\t\t\t\t\t\t\t<a href=\"https:\/\/twitter.com\/intent\/tweet?text=https%3A%2F%2Fwww.facebook.com%2F510121561113300%2Fposts%2F1255660249892757\" target=\"_blank\" rel=\"noopener noreferrer\" class=\"cff-twitter-icon\">\n\t\t\t\t\t\t\t<span class=\"fa fab fa-twitter\" aria-hidden=\"true\"><\/span>\n\t\t\t\t\t\t\t<span class=\"cff-screenreader\">Auf Twitter teilen<\/span>\n\t\t\t\t\t\t<\/a>\n\t\t\t\t\t\t\t\t\t\t\t<a href=\"https:\/\/www.linkedin.com\/shareArticle?mini=true&#038;url=https%3A%2F%2Fwww.facebook.com%2F510121561113300%2Fposts%2F1255660249892757&#038;title=%09%09%09Lust%20auf%20Urlaub%20in%20der%20Natur%20ohne%20Zelt%20und%20Schlafs%C3%A4cke%20mitschleppen%20zu%20m%C3%BCssen%3F%20Dann%20sind%20unsere%20Tipi%20Zelte%20genau%20das%20Richtige%20%F0%9F%98%8D%20rechtzeitig%20buchen%20%C3%BCber%20unsere%20Website%20camping-traisen.at%20%F0%9F%98%89%09%09%09%09\" target=\"_blank\" rel=\"noopener noreferrer\" class=\"cff-linkedin-icon\">\n\t\t\t\t\t\t\t<span class=\"fa fab fa-linkedin\" aria-hidden=\"true\"><\/span>\n\t\t\t\t\t\t\t<span class=\"cff-screenreader\">Auf LinkedIn teilen<\/span>\n\t\t\t\t\t\t<\/a>\n\t\t\t\t\t\t\t\t\t\t\t<a href=\"mailto:?subject=Facebook&#038;body=https%3A%2F%2Fwww.facebook.com%2F510121561113300%2Fposts%2F1255660249892757%20-%20%0A%0A%09%0A%09%09Lust%20auf%20Urlaub%20in%20der%20Natur%20ohne%20Zelt%20und%20Schlafs%C3%A4cke%20mitschleppen%20zu%20m%C3%BCssen%3F%20Dann%20sind%20unsere%20Tipi%20Zelte%20genau%20das%20Richtige%20%F0%9F%98%8D%20rechtzeitig%20buchen%20%C3%BCber%20unsere%20Website%20camping-traisen.at%20%F0%9F%98%89%09%09%09%0A%09\" target=\"_blank\" rel=\"noopener noreferrer\" class=\"cff-email-icon\">\n\t\t\t\t\t\t\t<span class=\"fa fab fa-envelope\" aria-hidden=\"true\"><\/span>\n\t\t\t\t\t\t\t<span class=\"cff-screenreader\">Per E-Mail teilen<\/span>\n\t\t\t\t\t\t<\/a>\n\t\t\t\t\t\t\t\t\t<\/p>\n\t\t\t<\/div>\n\t\t\t<\/div>\n\t<\/div>\n\n\n\n<div id=\"cff_118411548202288_1239418254850290\" class=\"cff-item cff-photo-post cff-box cff-shadow author-terrassen-camping-traisen\"  style=\"border-radius:5px;\" >\n\t<div class=\"cff-author\">\n\t<div class=\"cff-author-text\">\n\t\t\t\t\t<div class=\"cff-page-name cff-author-date\" >\n\t\t\t\t<a href=\"https:\/\/facebook.com\/118411548202288\" target=\"_blank\" rel=\"nofollow noopener\" >Terrassen Camping Traisen<\/a>\n\t\t\t\t<span class=\"cff-story\"> <\/span>\n\t\t\t<\/div>\n\t\t\t\n<p class=\"cff-date\" > 04.05.25 - 14:52 <\/p>\n\t\t\t<\/div>\n\t<div class=\"cff-author-img \" data-avatar=\"https:\/\/scontent-fra3-1.xx.fbcdn.net\/v\/t39.30808-1\/305991439_510009644457825_6202856247989325540_n.png?stp=cp0_dst-png_s50x50&#038;_nc_cat=105&#038;ccb=1-7&#038;_nc_sid=f907e8&#038;_nc_ohc=PnuyEcI5rmAQ7kNvwGSfMM8&#038;_nc_oc=Adql42GbKNPTqf19b2vUjiwIqRZLp3-1_vTe99ddcGFfdzVSFruWuKvSR6n7XOLQAoA&#038;_nc_zt=24&#038;_nc_ht=scontent-fra3-1.xx&#038;edm=AKIiGfEEAAAA&#038;_nc_gid=FL8S81cbkqG4qWA1hOzf5w&#038;_nc_tpa=Q5bMBQFbCyfph6wI4dN7Ez-U-D8GYQI7nh3DvevJTLmtoy8Qfjych6fAK66XatwysbDdsanNQe639wJHZA&#038;oh=00_Af02aazU1tFJQ8fOkavplVQr_qbUcjAN2PDtabvzYKchdg&#038;oe=69F53378\">\n\t\t<a href=\"https:\/\/facebook.com\/118411548202288\" target=\"_blank\" rel=\"nofollow noopener\" ><img decoding=\"async\" src=\"https:\/\/scontent-fra3-1.xx.fbcdn.net\/v\/t39.30808-1\/305991439_510009644457825_6202856247989325540_n.png?stp=cp0_dst-png_s50x50&#038;_nc_cat=105&#038;ccb=1-7&#038;_nc_sid=f907e8&#038;_nc_ohc=PnuyEcI5rmAQ7kNvwGSfMM8&#038;_nc_oc=Adql42GbKNPTqf19b2vUjiwIqRZLp3-1_vTe99ddcGFfdzVSFruWuKvSR6n7XOLQAoA&#038;_nc_zt=24&#038;_nc_ht=scontent-fra3-1.xx&#038;edm=AKIiGfEEAAAA&#038;_nc_gid=FL8S81cbkqG4qWA1hOzf5w&#038;_nc_tpa=Q5bMBQFbCyfph6wI4dN7Ez-U-D8GYQI7nh3DvevJTLmtoy8Qfjych6fAK66XatwysbDdsanNQe639wJHZA&#038;oh=00_Af02aazU1tFJQ8fOkavplVQr_qbUcjAN2PDtabvzYKchdg&#038;oe=69F53378\" title=\"Terrassen Camping Traisen\" alt=\"Terrassen Camping Traisen\" width=40 height=40 onerror=\"this.style.display='none'\"><\/a>\n\t<\/div>\n<\/div>\n\n<div class=\"cff-post-text\" >\n\t<span class=\"cff-text\" data-color=\"\">\n\t\t\u201eNett hier! Aber waren Sie schon mal am Terrassen Camping Traisen\u201c \ud83d\ude01 Werbung vom Feinsten \ud83d\udc4c\ud83c\udffb\ud83d\ude90\t\t\t<\/span>\n\t<span class=\"cff-expand\">... <a href=\"#\" style=\"color: #\"><span class=\"cff-more\">Mehr<\/span><span class=\"cff-less\">Weniger<\/span><\/a><\/span>\n\n<\/div>\n\n<p class=\"cff-media-link\">\n\t<a href=\"https:\/\/www.facebook.com\/photo.php?fbid=1239418214850294&#038;set=a.510009614457828&#038;type=3\" target=\"_blank\" style=\"color: #\">\n\t\t<span style=\"padding-right: 5px;\" class=\"fa fas fa-picture-o fa-image\"><\/span>Foto\t<\/a>\n<\/p>\n\t\t<div class=\"cff-post-links\">\n\t\t\t\t\t<a class=\"cff-viewpost-facebook\" href=\"https:\/\/www.facebook.com\/photo.php?fbid=1239418214850294&#038;set=a.510009614457828&#038;type=3\" title=\"Gehe zu Facebook\" target=\"_blank\" rel=\"nofollow noopener\" >Gehe zu Facebook<\/a>\n\t\t\t\t\t\t\t<div class=\"cff-share-container\">\n\t\t\t\t\t\t\t\t\t<span class=\"cff-dot\" >&middot;<\/span>\n\t\t\t\t\t\t\t\t<a class=\"cff-share-link\" href=\"https:\/\/www.facebook.com\/sharer\/sharer.php?u=https%3A%2F%2Fwww.facebook.com%2Fphoto.php%3Ffbid%3D1239418214850294%26amp%3Bset%3Da.510009614457828%26amp%3Btype%3D3\" title=\"Teilen\" >Teilen<\/a>\n\t\t\t\t<p class=\"cff-share-tooltip\">\n\t\t\t\t\t\t\t\t\t\t\t<a href=\"https:\/\/www.facebook.com\/sharer\/sharer.php?u=https%3A%2F%2Fwww.facebook.com%2Fphoto.php%3Ffbid%3D1239418214850294%26amp%3Bset%3Da.510009614457828%26amp%3Btype%3D3\" target=\"_blank\" rel=\"noopener noreferrer\" class=\"cff-facebook-icon\">\n\t\t\t\t\t\t\t<span class=\"fa fab fa-facebook-square\" aria-hidden=\"true\"><\/span>\n\t\t\t\t\t\t\t<span class=\"cff-screenreader\">Auf Facebook teilen<\/span>\n\t\t\t\t\t\t<\/a>\n\t\t\t\t\t\t\t\t\t\t\t<a href=\"https:\/\/twitter.com\/intent\/tweet?text=https%3A%2F%2Fwww.facebook.com%2Fphoto.php%3Ffbid%3D1239418214850294%26amp%3Bset%3Da.510009614457828%26amp%3Btype%3D3\" target=\"_blank\" rel=\"noopener noreferrer\" class=\"cff-twitter-icon\">\n\t\t\t\t\t\t\t<span class=\"fa fab fa-twitter\" aria-hidden=\"true\"><\/span>\n\t\t\t\t\t\t\t<span class=\"cff-screenreader\">Auf Twitter teilen<\/span>\n\t\t\t\t\t\t<\/a>\n\t\t\t\t\t\t\t\t\t\t\t<a href=\"https:\/\/www.linkedin.com\/shareArticle?mini=true&#038;url=https%3A%2F%2Fwww.facebook.com%2Fphoto.php%3Ffbid%3D1239418214850294%26amp%3Bset%3Da.510009614457828%26amp%3Btype%3D3&#038;title=%09%09%09%E2%80%9ENett%20hier%21%20Aber%20waren%20Sie%20schon%20mal%20am%20Terrassen%20Camping%20Traisen%E2%80%9C%20%F0%9F%98%81%20Werbung%20vom%20Feinsten%20%F0%9F%91%8C%F0%9F%8F%BB%F0%9F%9A%90%09%09%09%09\" target=\"_blank\" rel=\"noopener noreferrer\" class=\"cff-linkedin-icon\">\n\t\t\t\t\t\t\t<span class=\"fa fab fa-linkedin\" aria-hidden=\"true\"><\/span>\n\t\t\t\t\t\t\t<span class=\"cff-screenreader\">Auf LinkedIn teilen<\/span>\n\t\t\t\t\t\t<\/a>\n\t\t\t\t\t\t\t\t\t\t\t<a href=\"mailto:?subject=Facebook&#038;body=https%3A%2F%2Fwww.facebook.com%2Fphoto.php%3Ffbid%3D1239418214850294%26amp%3Bset%3Da.510009614457828%26amp%3Btype%3D3%20-%20%0A%0A%09%0A%09%09%E2%80%9ENett%20hier%21%20Aber%20waren%20Sie%20schon%20mal%20am%20Terrassen%20Camping%20Traisen%E2%80%9C%20%F0%9F%98%81%20Werbung%20vom%20Feinsten%20%F0%9F%91%8C%F0%9F%8F%BB%F0%9F%9A%90%09%09%09%0A%09\" target=\"_blank\" rel=\"noopener noreferrer\" class=\"cff-email-icon\">\n\t\t\t\t\t\t\t<span class=\"fa fab fa-envelope\" aria-hidden=\"true\"><\/span>\n\t\t\t\t\t\t\t<span class=\"cff-screenreader\">Per E-Mail teilen<\/span>\n\t\t\t\t\t\t<\/a>\n\t\t\t\t\t\t\t\t\t<\/p>\n\t\t\t<\/div>\n\t\t\t<\/div>\n\t<\/div>\n\n\n\n<div id=\"cff_118411548202288_1221473899978059\" class=\"cff-item cff-photo-post cff-box cff-shadow author-terrassen-camping-traisen\"  style=\"border-radius:5px;\" >\n\t<div class=\"cff-author\">\n\t<div class=\"cff-author-text\">\n\t\t\t\t\t<div class=\"cff-page-name cff-author-date\" >\n\t\t\t\t<a href=\"https:\/\/facebook.com\/118411548202288\" target=\"_blank\" rel=\"nofollow noopener\" >Terrassen Camping Traisen<\/a>\n\t\t\t\t<span class=\"cff-story\"> <\/span>\n\t\t\t<\/div>\n\t\t\t\n<p class=\"cff-date\" > 15.04.25 - 14:33 <\/p>\n\t\t\t<\/div>\n\t<div class=\"cff-author-img \" data-avatar=\"https:\/\/scontent-fra3-1.xx.fbcdn.net\/v\/t39.30808-1\/305991439_510009644457825_6202856247989325540_n.png?stp=cp0_dst-png_s50x50&#038;_nc_cat=105&#038;ccb=1-7&#038;_nc_sid=f907e8&#038;_nc_ohc=PnuyEcI5rmAQ7kNvwGSfMM8&#038;_nc_oc=Adql42GbKNPTqf19b2vUjiwIqRZLp3-1_vTe99ddcGFfdzVSFruWuKvSR6n7XOLQAoA&#038;_nc_zt=24&#038;_nc_ht=scontent-fra3-1.xx&#038;edm=AKIiGfEEAAAA&#038;_nc_gid=FL8S81cbkqG4qWA1hOzf5w&#038;_nc_tpa=Q5bMBQFbCyfph6wI4dN7Ez-U-D8GYQI7nh3DvevJTLmtoy8Qfjych6fAK66XatwysbDdsanNQe639wJHZA&#038;oh=00_Af02aazU1tFJQ8fOkavplVQr_qbUcjAN2PDtabvzYKchdg&#038;oe=69F53378\">\n\t\t<a href=\"https:\/\/facebook.com\/118411548202288\" target=\"_blank\" rel=\"nofollow noopener\" ><img decoding=\"async\" src=\"https:\/\/scontent-fra3-1.xx.fbcdn.net\/v\/t39.30808-1\/305991439_510009644457825_6202856247989325540_n.png?stp=cp0_dst-png_s50x50&#038;_nc_cat=105&#038;ccb=1-7&#038;_nc_sid=f907e8&#038;_nc_ohc=PnuyEcI5rmAQ7kNvwGSfMM8&#038;_nc_oc=Adql42GbKNPTqf19b2vUjiwIqRZLp3-1_vTe99ddcGFfdzVSFruWuKvSR6n7XOLQAoA&#038;_nc_zt=24&#038;_nc_ht=scontent-fra3-1.xx&#038;edm=AKIiGfEEAAAA&#038;_nc_gid=FL8S81cbkqG4qWA1hOzf5w&#038;_nc_tpa=Q5bMBQFbCyfph6wI4dN7Ez-U-D8GYQI7nh3DvevJTLmtoy8Qfjych6fAK66XatwysbDdsanNQe639wJHZA&#038;oh=00_Af02aazU1tFJQ8fOkavplVQr_qbUcjAN2PDtabvzYKchdg&#038;oe=69F53378\" title=\"Terrassen Camping Traisen\" alt=\"Terrassen Camping Traisen\" width=40 height=40 onerror=\"this.style.display='none'\"><\/a>\n\t<\/div>\n<\/div>\n\n<div class=\"cff-post-text\" >\n\t<span class=\"cff-text\" data-color=\"\">\n\t\tAlles Gute zum Geburtstag und zum 10 j\u00e4hrigen Jubil\u00e4um lieber Bertl \ud83d\ude01 Du bist der Grund warum unser Campingplatz immer so sch\u00f6n und gepflegt aussieht \ud83e\udd17 Auf hoffentlich weitere 10 goldene Jahre \ud83d\ude09\ud83e\uddf9\ud83c\udf82\t\t\t<\/span>\n\t<span class=\"cff-expand\">... <a href=\"#\" style=\"color: #\"><span class=\"cff-more\">Mehr<\/span><span class=\"cff-less\">Weniger<\/span><\/a><\/span>\n\n<\/div>\n\n<p class=\"cff-media-link\">\n\t<a href=\"https:\/\/www.facebook.com\/photo.php?fbid=1221473876644728&#038;set=a.510009614457828&#038;type=3\" target=\"_blank\" style=\"color: #\">\n\t\t<span style=\"padding-right: 5px;\" class=\"fa fas fa-picture-o fa-image\"><\/span>Foto\t<\/a>\n<\/p>\n\t\t<div class=\"cff-post-links\">\n\t\t\t\t\t<a class=\"cff-viewpost-facebook\" href=\"https:\/\/www.facebook.com\/photo.php?fbid=1221473876644728&#038;set=a.510009614457828&#038;type=3\" title=\"Gehe zu Facebook\" target=\"_blank\" rel=\"nofollow noopener\" >Gehe zu Facebook<\/a>\n\t\t\t\t\t\t\t<div class=\"cff-share-container\">\n\t\t\t\t\t\t\t\t\t<span class=\"cff-dot\" >&middot;<\/span>\n\t\t\t\t\t\t\t\t<a class=\"cff-share-link\" href=\"https:\/\/www.facebook.com\/sharer\/sharer.php?u=https%3A%2F%2Fwww.facebook.com%2Fphoto.php%3Ffbid%3D1221473876644728%26amp%3Bset%3Da.510009614457828%26amp%3Btype%3D3\" title=\"Teilen\" >Teilen<\/a>\n\t\t\t\t<p class=\"cff-share-tooltip\">\n\t\t\t\t\t\t\t\t\t\t\t<a href=\"https:\/\/www.facebook.com\/sharer\/sharer.php?u=https%3A%2F%2Fwww.facebook.com%2Fphoto.php%3Ffbid%3D1221473876644728%26amp%3Bset%3Da.510009614457828%26amp%3Btype%3D3\" target=\"_blank\" rel=\"noopener noreferrer\" class=\"cff-facebook-icon\">\n\t\t\t\t\t\t\t<span class=\"fa fab fa-facebook-square\" aria-hidden=\"true\"><\/span>\n\t\t\t\t\t\t\t<span class=\"cff-screenreader\">Auf Facebook teilen<\/span>\n\t\t\t\t\t\t<\/a>\n\t\t\t\t\t\t\t\t\t\t\t<a href=\"https:\/\/twitter.com\/intent\/tweet?text=https%3A%2F%2Fwww.facebook.com%2Fphoto.php%3Ffbid%3D1221473876644728%26amp%3Bset%3Da.510009614457828%26amp%3Btype%3D3\" target=\"_blank\" rel=\"noopener noreferrer\" class=\"cff-twitter-icon\">\n\t\t\t\t\t\t\t<span class=\"fa fab fa-twitter\" aria-hidden=\"true\"><\/span>\n\t\t\t\t\t\t\t<span class=\"cff-screenreader\">Auf Twitter teilen<\/span>\n\t\t\t\t\t\t<\/a>\n\t\t\t\t\t\t\t\t\t\t\t<a href=\"https:\/\/www.linkedin.com\/shareArticle?mini=true&#038;url=https%3A%2F%2Fwww.facebook.com%2Fphoto.php%3Ffbid%3D1221473876644728%26amp%3Bset%3Da.510009614457828%26amp%3Btype%3D3&#038;title=%09%09%09Alles%20Gute%20zum%20Geburtstag%20und%20zum%2010%20j%C3%A4hrigen%20Jubil%C3%A4um%20lieber%20Bertl%20%F0%9F%98%81%20Du%20bist%20der%20Grund%20warum%20unser%20Campingplatz%20immer%20so%20sch%C3%B6n%20und%20gepflegt%20aussieht%20%F0%9F%A4%97%20Auf%20hoffentlich%20weitere%2010%20goldene%20Jahre%20%F0%9F%98%89%F0%9F%A7%B9%F0%9F%8E%82%09%09%09%09\" target=\"_blank\" rel=\"noopener noreferrer\" class=\"cff-linkedin-icon\">\n\t\t\t\t\t\t\t<span class=\"fa fab fa-linkedin\" aria-hidden=\"true\"><\/span>\n\t\t\t\t\t\t\t<span class=\"cff-screenreader\">Auf LinkedIn teilen<\/span>\n\t\t\t\t\t\t<\/a>\n\t\t\t\t\t\t\t\t\t\t\t<a href=\"mailto:?subject=Facebook&#038;body=https%3A%2F%2Fwww.facebook.com%2Fphoto.php%3Ffbid%3D1221473876644728%26amp%3Bset%3Da.510009614457828%26amp%3Btype%3D3%20-%20%0A%0A%09%0A%09%09Alles%20Gute%20zum%20Geburtstag%20und%20zum%2010%20j%C3%A4hrigen%20Jubil%C3%A4um%20lieber%20Bertl%20%F0%9F%98%81%20Du%20bist%20der%20Grund%20warum%20unser%20Campingplatz%20immer%20so%20sch%C3%B6n%20und%20gepflegt%20aussieht%20%F0%9F%A4%97%20Auf%20hoffentlich%20weitere%2010%20goldene%20Jahre%20%F0%9F%98%89%F0%9F%A7%B9%F0%9F%8E%82%09%09%09%0A%09\" target=\"_blank\" rel=\"noopener noreferrer\" class=\"cff-email-icon\">\n\t\t\t\t\t\t\t<span class=\"fa fab fa-envelope\" aria-hidden=\"true\"><\/span>\n\t\t\t\t\t\t\t<span class=\"cff-screenreader\">Per E-Mail teilen<\/span>\n\t\t\t\t\t\t<\/a>\n\t\t\t\t\t\t\t\t\t<\/p>\n\t\t\t<\/div>\n\t\t\t<\/div>\n\t<\/div>\n\n\n\n<div id=\"cff_118411548202288_1180526997406083\" class=\"cff-item cff-status-post cff-album cff-box cff-shadow author-terrassen-camping-traisen\"  style=\"border-radius:5px;\" >\n\t<div class=\"cff-author\">\n\t<div class=\"cff-author-text\">\n\t\t\t\t\t<div class=\"cff-page-name cff-author-date\" >\n\t\t\t\t<a href=\"https:\/\/facebook.com\/118411548202288\" target=\"_blank\" rel=\"nofollow noopener\" >Terrassen Camping Traisen<\/a>\n\t\t\t\t<span class=\"cff-story\"> <\/span>\n\t\t\t<\/div>\n\t\t\t\n<p class=\"cff-date\" > 02.03.25 - 17:35 <\/p>\n\t\t\t<\/div>\n\t<div class=\"cff-author-img \" data-avatar=\"https:\/\/scontent-fra3-1.xx.fbcdn.net\/v\/t39.30808-1\/305991439_510009644457825_6202856247989325540_n.png?stp=cp0_dst-png_s50x50&#038;_nc_cat=105&#038;ccb=1-7&#038;_nc_sid=f907e8&#038;_nc_ohc=PnuyEcI5rmAQ7kNvwGSfMM8&#038;_nc_oc=Adql42GbKNPTqf19b2vUjiwIqRZLp3-1_vTe99ddcGFfdzVSFruWuKvSR6n7XOLQAoA&#038;_nc_zt=24&#038;_nc_ht=scontent-fra3-1.xx&#038;edm=AKIiGfEEAAAA&#038;_nc_gid=FL8S81cbkqG4qWA1hOzf5w&#038;_nc_tpa=Q5bMBQFbCyfph6wI4dN7Ez-U-D8GYQI7nh3DvevJTLmtoy8Qfjych6fAK66XatwysbDdsanNQe639wJHZA&#038;oh=00_Af02aazU1tFJQ8fOkavplVQr_qbUcjAN2PDtabvzYKchdg&#038;oe=69F53378\">\n\t\t<a href=\"https:\/\/facebook.com\/118411548202288\" target=\"_blank\" rel=\"nofollow noopener\" ><img decoding=\"async\" src=\"https:\/\/scontent-fra3-1.xx.fbcdn.net\/v\/t39.30808-1\/305991439_510009644457825_6202856247989325540_n.png?stp=cp0_dst-png_s50x50&#038;_nc_cat=105&#038;ccb=1-7&#038;_nc_sid=f907e8&#038;_nc_ohc=PnuyEcI5rmAQ7kNvwGSfMM8&#038;_nc_oc=Adql42GbKNPTqf19b2vUjiwIqRZLp3-1_vTe99ddcGFfdzVSFruWuKvSR6n7XOLQAoA&#038;_nc_zt=24&#038;_nc_ht=scontent-fra3-1.xx&#038;edm=AKIiGfEEAAAA&#038;_nc_gid=FL8S81cbkqG4qWA1hOzf5w&#038;_nc_tpa=Q5bMBQFbCyfph6wI4dN7Ez-U-D8GYQI7nh3DvevJTLmtoy8Qfjych6fAK66XatwysbDdsanNQe639wJHZA&#038;oh=00_Af02aazU1tFJQ8fOkavplVQr_qbUcjAN2PDtabvzYKchdg&#038;oe=69F53378\" title=\"Terrassen Camping Traisen\" alt=\"Terrassen Camping Traisen\" width=40 height=40 onerror=\"this.style.display='none'\"><\/a>\n\t<\/div>\n<\/div>\n\n<div class=\"cff-post-text\" >\n\t<span class=\"cff-text\" data-color=\"\">\n\t\tNoch rechtzeitig zum Saisonstart am 01. M\u00e4rz hat sich auch unser Camping-Nachwuchs auf den Weg gemacht \ud83d\ude09 hoffentlich finden heuer auch wieder jede Menge Urlauber ihren Weg zu uns! Wir freuen uns auf jeden einzelnen \ud83e\udd17\ud83c\udf38\t\t\t<\/span>\n\t<span class=\"cff-expand\">... <a href=\"#\" style=\"color: #\"><span class=\"cff-more\">Mehr<\/span><span class=\"cff-less\">Weniger<\/span><\/a><\/span>\n\n<\/div>\n\n<p class=\"cff-media-link\">\n\t<a href=\"https:\/\/www.facebook.com\/510121561113300\/posts\/1180526997406083\" target=\"_blank\" style=\"color: #\">\n\t\t<span style=\"padding-right: 5px;\" class=\"fa fas fa-picture-o fa-image\"><\/span>Foto\t<\/a>\n<\/p>\n\t\t<div class=\"cff-post-links\">\n\t\t\t\t\t<a class=\"cff-viewpost-facebook\" href=\"https:\/\/www.facebook.com\/510121561113300\/posts\/1180526997406083\" title=\"Gehe zu Facebook\" target=\"_blank\" rel=\"nofollow noopener\" >Gehe zu Facebook<\/a>\n\t\t\t\t\t\t\t<div class=\"cff-share-container\">\n\t\t\t\t\t\t\t\t\t<span class=\"cff-dot\" >&middot;<\/span>\n\t\t\t\t\t\t\t\t<a class=\"cff-share-link\" href=\"https:\/\/www.facebook.com\/sharer\/sharer.php?u=https%3A%2F%2Fwww.facebook.com%2F510121561113300%2Fposts%2F1180526997406083\" title=\"Teilen\" >Teilen<\/a>\n\t\t\t\t<p class=\"cff-share-tooltip\">\n\t\t\t\t\t\t\t\t\t\t\t<a href=\"https:\/\/www.facebook.com\/sharer\/sharer.php?u=https%3A%2F%2Fwww.facebook.com%2F510121561113300%2Fposts%2F1180526997406083\" target=\"_blank\" rel=\"noopener noreferrer\" class=\"cff-facebook-icon\">\n\t\t\t\t\t\t\t<span class=\"fa fab fa-facebook-square\" aria-hidden=\"true\"><\/span>\n\t\t\t\t\t\t\t<span class=\"cff-screenreader\">Auf Facebook teilen<\/span>\n\t\t\t\t\t\t<\/a>\n\t\t\t\t\t\t\t\t\t\t\t<a href=\"https:\/\/twitter.com\/intent\/tweet?text=https%3A%2F%2Fwww.facebook.com%2F510121561113300%2Fposts%2F1180526997406083\" target=\"_blank\" rel=\"noopener noreferrer\" class=\"cff-twitter-icon\">\n\t\t\t\t\t\t\t<span class=\"fa fab fa-twitter\" aria-hidden=\"true\"><\/span>\n\t\t\t\t\t\t\t<span class=\"cff-screenreader\">Auf Twitter teilen<\/span>\n\t\t\t\t\t\t<\/a>\n\t\t\t\t\t\t\t\t\t\t\t<a href=\"https:\/\/www.linkedin.com\/shareArticle?mini=true&#038;url=https%3A%2F%2Fwww.facebook.com%2F510121561113300%2Fposts%2F1180526997406083&#038;title=%09%09%09Noch%20rechtzeitig%20zum%20Saisonstart%20am%2001.%20M%C3%A4rz%20hat%20sich%20auch%20unser%20Camping-Nachwuchs%20auf%20den%20Weg%20gemacht%20%F0%9F%98%89%20hoffentlich%20finden%20heuer%20auch%20wieder%20jede%20Menge%20Urlauber%20ihren%20Weg%20zu%20uns%21%20Wir%20freuen%20uns%20auf%20jeden%20einzelnen%20%F0%9F%A4%97%F0%9F%8C%B8%09%09%09%09\" target=\"_blank\" rel=\"noopener noreferrer\" class=\"cff-linkedin-icon\">\n\t\t\t\t\t\t\t<span class=\"fa fab fa-linkedin\" aria-hidden=\"true\"><\/span>\n\t\t\t\t\t\t\t<span class=\"cff-screenreader\">Auf LinkedIn teilen<\/span>\n\t\t\t\t\t\t<\/a>\n\t\t\t\t\t\t\t\t\t\t\t<a href=\"mailto:?subject=Facebook&#038;body=https%3A%2F%2Fwww.facebook.com%2F510121561113300%2Fposts%2F1180526997406083%20-%20%0A%0A%09%0A%09%09Noch%20rechtzeitig%20zum%20Saisonstart%20am%2001.%20M%C3%A4rz%20hat%20sich%20auch%20unser%20Camping-Nachwuchs%20auf%20den%20Weg%20gemacht%20%F0%9F%98%89%20hoffentlich%20finden%20heuer%20auch%20wieder%20jede%20Menge%20Urlauber%20ihren%20Weg%20zu%20uns%21%20Wir%20freuen%20uns%20auf%20jeden%20einzelnen%20%F0%9F%A4%97%F0%9F%8C%B8%09%09%09%0A%09\" target=\"_blank\" rel=\"noopener noreferrer\" class=\"cff-email-icon\">\n\t\t\t\t\t\t\t<span class=\"fa fab fa-envelope\" aria-hidden=\"true\"><\/span>\n\t\t\t\t\t\t\t<span class=\"cff-screenreader\">Per E-Mail teilen<\/span>\n\t\t\t\t\t\t<\/a>\n\t\t\t\t\t\t\t\t\t<\/p>\n\t\t\t<\/div>\n\t\t\t<\/div>\n\t<\/div>\n\n\n\n<div id=\"cff_118411548202288_1166203378838445\" class=\"cff-item cff-status-post cff-album cff-box cff-shadow author-terrassen-camping-traisen\"  style=\"border-radius:5px;\" >\n\t<div class=\"cff-author\">\n\t<div class=\"cff-author-text\">\n\t\t\t\t\t<div class=\"cff-page-name cff-author-date\" >\n\t\t\t\t<a href=\"https:\/\/facebook.com\/118411548202288\" target=\"_blank\" rel=\"nofollow noopener\" >Terrassen Camping Traisen<\/a>\n\t\t\t\t<span class=\"cff-story\"> <\/span>\n\t\t\t<\/div>\n\t\t\t\n<p class=\"cff-date\" > 13.02.25 - 16:59 <\/p>\n\t\t\t<\/div>\n\t<div class=\"cff-author-img \" data-avatar=\"https:\/\/scontent-fra3-1.xx.fbcdn.net\/v\/t39.30808-1\/305991439_510009644457825_6202856247989325540_n.png?stp=cp0_dst-png_s50x50&#038;_nc_cat=105&#038;ccb=1-7&#038;_nc_sid=f907e8&#038;_nc_ohc=PnuyEcI5rmAQ7kNvwGSfMM8&#038;_nc_oc=Adql42GbKNPTqf19b2vUjiwIqRZLp3-1_vTe99ddcGFfdzVSFruWuKvSR6n7XOLQAoA&#038;_nc_zt=24&#038;_nc_ht=scontent-fra3-1.xx&#038;edm=AKIiGfEEAAAA&#038;_nc_gid=FL8S81cbkqG4qWA1hOzf5w&#038;_nc_tpa=Q5bMBQFbCyfph6wI4dN7Ez-U-D8GYQI7nh3DvevJTLmtoy8Qfjych6fAK66XatwysbDdsanNQe639wJHZA&#038;oh=00_Af02aazU1tFJQ8fOkavplVQr_qbUcjAN2PDtabvzYKchdg&#038;oe=69F53378\">\n\t\t<a href=\"https:\/\/facebook.com\/118411548202288\" target=\"_blank\" rel=\"nofollow noopener\" ><img decoding=\"async\" src=\"https:\/\/scontent-fra3-1.xx.fbcdn.net\/v\/t39.30808-1\/305991439_510009644457825_6202856247989325540_n.png?stp=cp0_dst-png_s50x50&#038;_nc_cat=105&#038;ccb=1-7&#038;_nc_sid=f907e8&#038;_nc_ohc=PnuyEcI5rmAQ7kNvwGSfMM8&#038;_nc_oc=Adql42GbKNPTqf19b2vUjiwIqRZLp3-1_vTe99ddcGFfdzVSFruWuKvSR6n7XOLQAoA&#038;_nc_zt=24&#038;_nc_ht=scontent-fra3-1.xx&#038;edm=AKIiGfEEAAAA&#038;_nc_gid=FL8S81cbkqG4qWA1hOzf5w&#038;_nc_tpa=Q5bMBQFbCyfph6wI4dN7Ez-U-D8GYQI7nh3DvevJTLmtoy8Qfjych6fAK66XatwysbDdsanNQe639wJHZA&#038;oh=00_Af02aazU1tFJQ8fOkavplVQr_qbUcjAN2PDtabvzYKchdg&#038;oe=69F53378\" title=\"Terrassen Camping Traisen\" alt=\"Terrassen Camping Traisen\" width=40 height=40 onerror=\"this.style.display='none'\"><\/a>\n\t<\/div>\n<\/div>\n\n<div class=\"cff-post-text\" >\n\t<span class=\"cff-text\" data-color=\"\">\n\t\tWir bauen f\u00fcr euch \ud83d\ude01\ud83d\ude9c Es entstehen hier wundersch\u00f6ne neue Stellpl\u00e4tze f\u00fcr Urlauber und Dauercamper mit Wasser-, Strom- und Kanalanschluss \ud83d\ude09 Wir freuen uns schon auf die neue Saison \u2764\ufe0f euer Camping-Team \ud83e\udd17\ud83c\udf38\t\t\t<\/span>\n\t<span class=\"cff-expand\">... <a href=\"#\" style=\"color: #\"><span class=\"cff-more\">Mehr<\/span><span class=\"cff-less\">Weniger<\/span><\/a><\/span>\n\n<\/div>\n\n<p class=\"cff-media-link\">\n\t<a href=\"https:\/\/www.facebook.com\/510121561113300\/posts\/1166203378838445\" target=\"_blank\" style=\"color: #\">\n\t\t<span style=\"padding-right: 5px;\" class=\"fa fas fa-picture-o fa-image\"><\/span>Foto\t<\/a>\n<\/p>\n\t\t<div class=\"cff-post-links\">\n\t\t\t\t\t<a class=\"cff-viewpost-facebook\" href=\"https:\/\/www.facebook.com\/510121561113300\/posts\/1166203378838445\" title=\"Gehe zu Facebook\" target=\"_blank\" rel=\"nofollow noopener\" >Gehe zu Facebook<\/a>\n\t\t\t\t\t\t\t<div class=\"cff-share-container\">\n\t\t\t\t\t\t\t\t\t<span class=\"cff-dot\" >&middot;<\/span>\n\t\t\t\t\t\t\t\t<a class=\"cff-share-link\" href=\"https:\/\/www.facebook.com\/sharer\/sharer.php?u=https%3A%2F%2Fwww.facebook.com%2F510121561113300%2Fposts%2F1166203378838445\" title=\"Teilen\" >Teilen<\/a>\n\t\t\t\t<p class=\"cff-share-tooltip\">\n\t\t\t\t\t\t\t\t\t\t\t<a href=\"https:\/\/www.facebook.com\/sharer\/sharer.php?u=https%3A%2F%2Fwww.facebook.com%2F510121561113300%2Fposts%2F1166203378838445\" target=\"_blank\" rel=\"noopener noreferrer\" class=\"cff-facebook-icon\">\n\t\t\t\t\t\t\t<span class=\"fa fab fa-facebook-square\" aria-hidden=\"true\"><\/span>\n\t\t\t\t\t\t\t<span class=\"cff-screenreader\">Auf Facebook teilen<\/span>\n\t\t\t\t\t\t<\/a>\n\t\t\t\t\t\t\t\t\t\t\t<a href=\"https:\/\/twitter.com\/intent\/tweet?text=https%3A%2F%2Fwww.facebook.com%2F510121561113300%2Fposts%2F1166203378838445\" target=\"_blank\" rel=\"noopener noreferrer\" class=\"cff-twitter-icon\">\n\t\t\t\t\t\t\t<span class=\"fa fab fa-twitter\" aria-hidden=\"true\"><\/span>\n\t\t\t\t\t\t\t<span class=\"cff-screenreader\">Auf Twitter teilen<\/span>\n\t\t\t\t\t\t<\/a>\n\t\t\t\t\t\t\t\t\t\t\t<a href=\"https:\/\/www.linkedin.com\/shareArticle?mini=true&#038;url=https%3A%2F%2Fwww.facebook.com%2F510121561113300%2Fposts%2F1166203378838445&#038;title=%09%09%09Wir%20bauen%20f%C3%BCr%20euch%20%F0%9F%98%81%F0%9F%9A%9C%20Es%20entstehen%20hier%20wundersch%C3%B6ne%20neue%20Stellpl%C3%A4tze%20f%C3%BCr%20Urlauber%20und%20Dauercamper%20mit%20Wasser-%2C%20Strom-%20und%20Kanalanschluss%20%F0%9F%98%89%20Wir%20freuen%20uns%20schon%20auf%20die%20neue%20Saison%20%E2%9D%A4%EF%B8%8F%20euer%20Camping-Team%20%F0%9F%A4%97%F0%9F%8C%B8%09%09%09%09\" target=\"_blank\" rel=\"noopener noreferrer\" class=\"cff-linkedin-icon\">\n\t\t\t\t\t\t\t<span class=\"fa fab fa-linkedin\" aria-hidden=\"true\"><\/span>\n\t\t\t\t\t\t\t<span class=\"cff-screenreader\">Auf LinkedIn teilen<\/span>\n\t\t\t\t\t\t<\/a>\n\t\t\t\t\t\t\t\t\t\t\t<a href=\"mailto:?subject=Facebook&#038;body=https%3A%2F%2Fwww.facebook.com%2F510121561113300%2Fposts%2F1166203378838445%20-%20%0A%0A%09%0A%09%09Wir%20bauen%20f%C3%BCr%20euch%20%F0%9F%98%81%F0%9F%9A%9C%20Es%20entstehen%20hier%20wundersch%C3%B6ne%20neue%20Stellpl%C3%A4tze%20f%C3%BCr%20Urlauber%20und%20Dauercamper%20mit%20Wasser-%2C%20Strom-%20und%20Kanalanschluss%20%F0%9F%98%89%20Wir%20freuen%20uns%20schon%20auf%20die%20neue%20Saison%20%E2%9D%A4%EF%B8%8F%20euer%20Camping-Team%20%F0%9F%A4%97%F0%9F%8C%B8%09%09%09%0A%09\" target=\"_blank\" rel=\"noopener noreferrer\" class=\"cff-email-icon\">\n\t\t\t\t\t\t\t<span class=\"fa fab fa-envelope\" aria-hidden=\"true\"><\/span>\n\t\t\t\t\t\t\t<span class=\"cff-screenreader\">Per E-Mail teilen<\/span>\n\t\t\t\t\t\t<\/a>\n\t\t\t\t\t\t\t\t\t<\/p>\n\t\t\t<\/div>\n\t\t\t<\/div>\n\t<\/div>\n\n\n\n<div id=\"cff_118411548202288_1037157775076340\" class=\"cff-item cff-status-post cff-box cff-shadow author-terrassen-camping-traisen\"  style=\"border-radius:5px;\" >\n\t<div class=\"cff-author\">\n\t<div class=\"cff-author-text\">\n\t\t\t\t\t<div class=\"cff-page-name cff-author-date\" >\n\t\t\t\t<a href=\"https:\/\/facebook.com\/118411548202288\" target=\"_blank\" rel=\"nofollow noopener\" >Terrassen Camping Traisen<\/a>\n\t\t\t\t<span class=\"cff-story\"> <\/span>\n\t\t\t<\/div>\n\t\t\t\n<p class=\"cff-date\" > 04.09.24 - 12:18 <\/p>\n\t\t\t<\/div>\n\t<div class=\"cff-author-img \" data-avatar=\"https:\/\/scontent-fra3-1.xx.fbcdn.net\/v\/t39.30808-1\/305991439_510009644457825_6202856247989325540_n.png?stp=cp0_dst-png_s50x50&#038;_nc_cat=105&#038;ccb=1-7&#038;_nc_sid=f907e8&#038;_nc_ohc=PnuyEcI5rmAQ7kNvwGSfMM8&#038;_nc_oc=Adql42GbKNPTqf19b2vUjiwIqRZLp3-1_vTe99ddcGFfdzVSFruWuKvSR6n7XOLQAoA&#038;_nc_zt=24&#038;_nc_ht=scontent-fra3-1.xx&#038;edm=AKIiGfEEAAAA&#038;_nc_gid=FL8S81cbkqG4qWA1hOzf5w&#038;_nc_tpa=Q5bMBQFbCyfph6wI4dN7Ez-U-D8GYQI7nh3DvevJTLmtoy8Qfjych6fAK66XatwysbDdsanNQe639wJHZA&#038;oh=00_Af02aazU1tFJQ8fOkavplVQr_qbUcjAN2PDtabvzYKchdg&#038;oe=69F53378\">\n\t\t<a href=\"https:\/\/facebook.com\/118411548202288\" target=\"_blank\" rel=\"nofollow noopener\" ><img decoding=\"async\" src=\"https:\/\/scontent-fra3-1.xx.fbcdn.net\/v\/t39.30808-1\/305991439_510009644457825_6202856247989325540_n.png?stp=cp0_dst-png_s50x50&#038;_nc_cat=105&#038;ccb=1-7&#038;_nc_sid=f907e8&#038;_nc_ohc=PnuyEcI5rmAQ7kNvwGSfMM8&#038;_nc_oc=Adql42GbKNPTqf19b2vUjiwIqRZLp3-1_vTe99ddcGFfdzVSFruWuKvSR6n7XOLQAoA&#038;_nc_zt=24&#038;_nc_ht=scontent-fra3-1.xx&#038;edm=AKIiGfEEAAAA&#038;_nc_gid=FL8S81cbkqG4qWA1hOzf5w&#038;_nc_tpa=Q5bMBQFbCyfph6wI4dN7Ez-U-D8GYQI7nh3DvevJTLmtoy8Qfjych6fAK66XatwysbDdsanNQe639wJHZA&#038;oh=00_Af02aazU1tFJQ8fOkavplVQr_qbUcjAN2PDtabvzYKchdg&#038;oe=69F53378\" title=\"Terrassen Camping Traisen\" alt=\"Terrassen Camping Traisen\" width=40 height=40 onerror=\"this.style.display='none'\"><\/a>\n\t<\/div>\n<\/div>\n\n<div class=\"cff-post-text\" >\n\t<span class=\"cff-text\" data-color=\"\">\n\t\tFotos von P3tvs Beitrag\t\t\t<\/span>\n\t<span class=\"cff-expand\">... <a href=\"#\" style=\"color: #\"><span class=\"cff-more\">Mehr<\/span><span class=\"cff-less\">Weniger<\/span><\/a><\/span>\n\n<\/div>\n\n\t<div class=\"cff-post-links\">\n\t\t\t\t\t<a class=\"cff-viewpost-facebook\" href=\"https:\/\/www.facebook.com\/1049618747170143\/posts\/1049106770554674\" title=\"Gehe zu Facebook\" target=\"_blank\" rel=\"nofollow noopener\" >Gehe zu Facebook<\/a>\n\t\t\t\t\t\t\t<div class=\"cff-share-container\">\n\t\t\t\t\t\t\t\t\t<span class=\"cff-dot\" >&middot;<\/span>\n\t\t\t\t\t\t\t\t<a class=\"cff-share-link\" href=\"https:\/\/www.facebook.com\/sharer\/sharer.php?u=https%3A%2F%2Fwww.facebook.com%2F1049618747170143%2Fposts%2F1049106770554674\" title=\"Teilen\" >Teilen<\/a>\n\t\t\t\t<p class=\"cff-share-tooltip\">\n\t\t\t\t\t\t\t\t\t\t\t<a href=\"https:\/\/www.facebook.com\/sharer\/sharer.php?u=https%3A%2F%2Fwww.facebook.com%2F1049618747170143%2Fposts%2F1049106770554674\" target=\"_blank\" rel=\"noopener noreferrer\" class=\"cff-facebook-icon\">\n\t\t\t\t\t\t\t<span class=\"fa fab fa-facebook-square\" aria-hidden=\"true\"><\/span>\n\t\t\t\t\t\t\t<span class=\"cff-screenreader\">Auf Facebook teilen<\/span>\n\t\t\t\t\t\t<\/a>\n\t\t\t\t\t\t\t\t\t\t\t<a href=\"https:\/\/twitter.com\/intent\/tweet?text=https%3A%2F%2Fwww.facebook.com%2F1049618747170143%2Fposts%2F1049106770554674\" target=\"_blank\" rel=\"noopener noreferrer\" class=\"cff-twitter-icon\">\n\t\t\t\t\t\t\t<span class=\"fa fab fa-twitter\" aria-hidden=\"true\"><\/span>\n\t\t\t\t\t\t\t<span class=\"cff-screenreader\">Auf Twitter teilen<\/span>\n\t\t\t\t\t\t<\/a>\n\t\t\t\t\t\t\t\t\t\t\t<a href=\"https:\/\/www.linkedin.com\/shareArticle?mini=true&#038;url=https%3A%2F%2Fwww.facebook.com%2F1049618747170143%2Fposts%2F1049106770554674&#038;title=%09%09%09Fotos%20von%20P3tvs%20Beitrag%09%09%09%09\" target=\"_blank\" rel=\"noopener noreferrer\" class=\"cff-linkedin-icon\">\n\t\t\t\t\t\t\t<span class=\"fa fab fa-linkedin\" aria-hidden=\"true\"><\/span>\n\t\t\t\t\t\t\t<span class=\"cff-screenreader\">Auf LinkedIn teilen<\/span>\n\t\t\t\t\t\t<\/a>\n\t\t\t\t\t\t\t\t\t\t\t<a href=\"mailto:?subject=Facebook&#038;body=https%3A%2F%2Fwww.facebook.com%2F1049618747170143%2Fposts%2F1049106770554674%20-%20%0A%0A%09%0A%09%09Fotos%20von%20P3tvs%20Beitrag%09%09%09%0A%09\" target=\"_blank\" rel=\"noopener noreferrer\" class=\"cff-email-icon\">\n\t\t\t\t\t\t\t<span class=\"fa fab fa-envelope\" aria-hidden=\"true\"><\/span>\n\t\t\t\t\t\t\t<span class=\"cff-screenreader\">Per E-Mail teilen<\/span>\n\t\t\t\t\t\t<\/a>\n\t\t\t\t\t\t\t\t\t<\/p>\n\t\t\t<\/div>\n\t\t\t<\/div>\n\t<\/div>\n\n\n\n<div id=\"cff_118411548202288_1021199066672211\" class=\"cff-item cff-photo-post cff-box cff-shadow author-terrassen-camping-traisen\"  style=\"border-radius:5px;\" >\n\t<div class=\"cff-author\">\n\t<div class=\"cff-author-text\">\n\t\t\t\t\t<div class=\"cff-page-name cff-author-date\" >\n\t\t\t\t<a href=\"https:\/\/facebook.com\/118411548202288\" target=\"_blank\" rel=\"nofollow noopener\" >Terrassen Camping Traisen<\/a>\n\t\t\t\t<span class=\"cff-story\"> <\/span>\n\t\t\t<\/div>\n\t\t\t\n<p class=\"cff-date\" > 14.08.24 - 13:18 <\/p>\n\t\t\t<\/div>\n\t<div class=\"cff-author-img \" data-avatar=\"https:\/\/scontent-fra3-1.xx.fbcdn.net\/v\/t39.30808-1\/305991439_510009644457825_6202856247989325540_n.png?stp=cp0_dst-png_s50x50&#038;_nc_cat=105&#038;ccb=1-7&#038;_nc_sid=f907e8&#038;_nc_ohc=PnuyEcI5rmAQ7kNvwGSfMM8&#038;_nc_oc=Adql42GbKNPTqf19b2vUjiwIqRZLp3-1_vTe99ddcGFfdzVSFruWuKvSR6n7XOLQAoA&#038;_nc_zt=24&#038;_nc_ht=scontent-fra3-1.xx&#038;edm=AKIiGfEEAAAA&#038;_nc_gid=FL8S81cbkqG4qWA1hOzf5w&#038;_nc_tpa=Q5bMBQFbCyfph6wI4dN7Ez-U-D8GYQI7nh3DvevJTLmtoy8Qfjych6fAK66XatwysbDdsanNQe639wJHZA&#038;oh=00_Af02aazU1tFJQ8fOkavplVQr_qbUcjAN2PDtabvzYKchdg&#038;oe=69F53378\">\n\t\t<a href=\"https:\/\/facebook.com\/118411548202288\" target=\"_blank\" rel=\"nofollow noopener\" ><img decoding=\"async\" src=\"https:\/\/scontent-fra3-1.xx.fbcdn.net\/v\/t39.30808-1\/305991439_510009644457825_6202856247989325540_n.png?stp=cp0_dst-png_s50x50&#038;_nc_cat=105&#038;ccb=1-7&#038;_nc_sid=f907e8&#038;_nc_ohc=PnuyEcI5rmAQ7kNvwGSfMM8&#038;_nc_oc=Adql42GbKNPTqf19b2vUjiwIqRZLp3-1_vTe99ddcGFfdzVSFruWuKvSR6n7XOLQAoA&#038;_nc_zt=24&#038;_nc_ht=scontent-fra3-1.xx&#038;edm=AKIiGfEEAAAA&#038;_nc_gid=FL8S81cbkqG4qWA1hOzf5w&#038;_nc_tpa=Q5bMBQFbCyfph6wI4dN7Ez-U-D8GYQI7nh3DvevJTLmtoy8Qfjych6fAK66XatwysbDdsanNQe639wJHZA&#038;oh=00_Af02aazU1tFJQ8fOkavplVQr_qbUcjAN2PDtabvzYKchdg&#038;oe=69F53378\" title=\"Terrassen Camping Traisen\" alt=\"Terrassen Camping Traisen\" width=40 height=40 onerror=\"this.style.display='none'\"><\/a>\n\t<\/div>\n<\/div>\n\n<div class=\"cff-post-text\" >\n\t<span class=\"cff-text\" data-color=\"\">\n\t\tNicht vergessen: \ud83c\udfbb Traditional Irish Music Session \ud83c\udfbb am Samstag 17.8 ab 18:00 im Bistro Wallentino! Es wird (t)irisch gut \ud83d\ude09\t\t\t<\/span>\n\t<span class=\"cff-expand\">... <a href=\"#\" style=\"color: #\"><span class=\"cff-more\">Mehr<\/span><span class=\"cff-less\">Weniger<\/span><\/a><\/span>\n\n<\/div>\n\n<p class=\"cff-media-link\">\n\t<a href=\"https:\/\/www.facebook.com\/photo.php?fbid=1021199046672213&#038;set=a.510009614457828&#038;type=3\" target=\"_blank\" style=\"color: #\">\n\t\t<span style=\"padding-right: 5px;\" class=\"fa fas fa-picture-o fa-image\"><\/span>Foto\t<\/a>\n<\/p>\n\t\t<div class=\"cff-post-links\">\n\t\t\t\t\t<a class=\"cff-viewpost-facebook\" href=\"https:\/\/www.facebook.com\/photo.php?fbid=1021199046672213&#038;set=a.510009614457828&#038;type=3\" title=\"Gehe zu Facebook\" target=\"_blank\" rel=\"nofollow noopener\" >Gehe zu Facebook<\/a>\n\t\t\t\t\t\t\t<div class=\"cff-share-container\">\n\t\t\t\t\t\t\t\t\t<span class=\"cff-dot\" >&middot;<\/span>\n\t\t\t\t\t\t\t\t<a class=\"cff-share-link\" href=\"https:\/\/www.facebook.com\/sharer\/sharer.php?u=https%3A%2F%2Fwww.facebook.com%2Fphoto.php%3Ffbid%3D1021199046672213%26amp%3Bset%3Da.510009614457828%26amp%3Btype%3D3\" title=\"Teilen\" >Teilen<\/a>\n\t\t\t\t<p class=\"cff-share-tooltip\">\n\t\t\t\t\t\t\t\t\t\t\t<a href=\"https:\/\/www.facebook.com\/sharer\/sharer.php?u=https%3A%2F%2Fwww.facebook.com%2Fphoto.php%3Ffbid%3D1021199046672213%26amp%3Bset%3Da.510009614457828%26amp%3Btype%3D3\" target=\"_blank\" rel=\"noopener noreferrer\" class=\"cff-facebook-icon\">\n\t\t\t\t\t\t\t<span class=\"fa fab fa-facebook-square\" aria-hidden=\"true\"><\/span>\n\t\t\t\t\t\t\t<span class=\"cff-screenreader\">Auf Facebook teilen<\/span>\n\t\t\t\t\t\t<\/a>\n\t\t\t\t\t\t\t\t\t\t\t<a href=\"https:\/\/twitter.com\/intent\/tweet?text=https%3A%2F%2Fwww.facebook.com%2Fphoto.php%3Ffbid%3D1021199046672213%26amp%3Bset%3Da.510009614457828%26amp%3Btype%3D3\" target=\"_blank\" rel=\"noopener noreferrer\" class=\"cff-twitter-icon\">\n\t\t\t\t\t\t\t<span class=\"fa fab fa-twitter\" aria-hidden=\"true\"><\/span>\n\t\t\t\t\t\t\t<span class=\"cff-screenreader\">Auf Twitter teilen<\/span>\n\t\t\t\t\t\t<\/a>\n\t\t\t\t\t\t\t\t\t\t\t<a href=\"https:\/\/www.linkedin.com\/shareArticle?mini=true&#038;url=https%3A%2F%2Fwww.facebook.com%2Fphoto.php%3Ffbid%3D1021199046672213%26amp%3Bset%3Da.510009614457828%26amp%3Btype%3D3&#038;title=%09%09%09Nicht%20vergessen%3A%20%F0%9F%8E%BB%20Traditional%20Irish%20Music%20Session%20%F0%9F%8E%BB%20am%20Samstag%2017.8%20ab%2018%3A00%20im%20Bistro%20Wallentino%21%20Es%20wird%20%28t%29irisch%20gut%20%F0%9F%98%89%09%09%09%09\" target=\"_blank\" rel=\"noopener noreferrer\" class=\"cff-linkedin-icon\">\n\t\t\t\t\t\t\t<span class=\"fa fab fa-linkedin\" aria-hidden=\"true\"><\/span>\n\t\t\t\t\t\t\t<span class=\"cff-screenreader\">Auf LinkedIn teilen<\/span>\n\t\t\t\t\t\t<\/a>\n\t\t\t\t\t\t\t\t\t\t\t<a href=\"mailto:?subject=Facebook&#038;body=https%3A%2F%2Fwww.facebook.com%2Fphoto.php%3Ffbid%3D1021199046672213%26amp%3Bset%3Da.510009614457828%26amp%3Btype%3D3%20-%20%0A%0A%09%0A%09%09Nicht%20vergessen%3A%20%F0%9F%8E%BB%20Traditional%20Irish%20Music%20Session%20%F0%9F%8E%BB%20am%20Samstag%2017.8%20ab%2018%3A00%20im%20Bistro%20Wallentino%21%20Es%20wird%20%28t%29irisch%20gut%20%F0%9F%98%89%09%09%09%0A%09\" target=\"_blank\" rel=\"noopener noreferrer\" class=\"cff-email-icon\">\n\t\t\t\t\t\t\t<span class=\"fa fab fa-envelope\" aria-hidden=\"true\"><\/span>\n\t\t\t\t\t\t\t<span class=\"cff-screenreader\">Per E-Mail teilen<\/span>\n\t\t\t\t\t\t<\/a>\n\t\t\t\t\t\t\t\t\t<\/p>\n\t\t\t<\/div>\n\t\t\t<\/div>\n\t<\/div>\n\n\n\n<div id=\"cff_118411548202288_978070977651687\" class=\"cff-item cff-status-post cff-album cff-box cff-shadow author-terrassen-camping-traisen\"  style=\"border-radius:5px;\" >\n\t<div class=\"cff-author\">\n\t<div class=\"cff-author-text\">\n\t\t\t\t\t<div class=\"cff-page-name cff-author-date\" >\n\t\t\t\t<a href=\"https:\/\/facebook.com\/118411548202288\" target=\"_blank\" rel=\"nofollow noopener\" >Terrassen Camping Traisen<\/a>\n\t\t\t\t<span class=\"cff-story\"> <\/span>\n\t\t\t<\/div>\n\t\t\t\n<p class=\"cff-date\" > 15.06.24 - 13:20 <\/p>\n\t\t\t<\/div>\n\t<div class=\"cff-author-img \" data-avatar=\"https:\/\/scontent-fra3-1.xx.fbcdn.net\/v\/t39.30808-1\/305991439_510009644457825_6202856247989325540_n.png?stp=cp0_dst-png_s50x50&#038;_nc_cat=105&#038;ccb=1-7&#038;_nc_sid=f907e8&#038;_nc_ohc=PnuyEcI5rmAQ7kNvwGSfMM8&#038;_nc_oc=Adql42GbKNPTqf19b2vUjiwIqRZLp3-1_vTe99ddcGFfdzVSFruWuKvSR6n7XOLQAoA&#038;_nc_zt=24&#038;_nc_ht=scontent-fra3-1.xx&#038;edm=AKIiGfEEAAAA&#038;_nc_gid=FL8S81cbkqG4qWA1hOzf5w&#038;_nc_tpa=Q5bMBQFbCyfph6wI4dN7Ez-U-D8GYQI7nh3DvevJTLmtoy8Qfjych6fAK66XatwysbDdsanNQe639wJHZA&#038;oh=00_Af02aazU1tFJQ8fOkavplVQr_qbUcjAN2PDtabvzYKchdg&#038;oe=69F53378\">\n\t\t<a href=\"https:\/\/facebook.com\/118411548202288\" target=\"_blank\" rel=\"nofollow noopener\" ><img decoding=\"async\" src=\"https:\/\/scontent-fra3-1.xx.fbcdn.net\/v\/t39.30808-1\/305991439_510009644457825_6202856247989325540_n.png?stp=cp0_dst-png_s50x50&#038;_nc_cat=105&#038;ccb=1-7&#038;_nc_sid=f907e8&#038;_nc_ohc=PnuyEcI5rmAQ7kNvwGSfMM8&#038;_nc_oc=Adql42GbKNPTqf19b2vUjiwIqRZLp3-1_vTe99ddcGFfdzVSFruWuKvSR6n7XOLQAoA&#038;_nc_zt=24&#038;_nc_ht=scontent-fra3-1.xx&#038;edm=AKIiGfEEAAAA&#038;_nc_gid=FL8S81cbkqG4qWA1hOzf5w&#038;_nc_tpa=Q5bMBQFbCyfph6wI4dN7Ez-U-D8GYQI7nh3DvevJTLmtoy8Qfjych6fAK66XatwysbDdsanNQe639wJHZA&#038;oh=00_Af02aazU1tFJQ8fOkavplVQr_qbUcjAN2PDtabvzYKchdg&#038;oe=69F53378\" title=\"Terrassen Camping Traisen\" alt=\"Terrassen Camping Traisen\" width=40 height=40 onerror=\"this.style.display='none'\"><\/a>\n\t<\/div>\n<\/div>\n\n<div class=\"cff-post-text\" >\n\t<span class=\"cff-text\" data-color=\"\">\n\t\tAb sofort kann man bei uns in unseren neuen Glamping Zelten \u00fcbernachten \ud83e\udd29 Diese wunderbaren G\u00e4ste durften gestern das Zelt zum ersten Mal ausprobieren \ud83d\ude0a Bis zu 4 Personen k\u00f6nnen hier \u00fcbernachten und eine erholsame Zeit verbringen. Wir freuen uns auf zahlreiche G\u00e4ste \u2600\ufe0f\t\t\t<\/span>\n\t<span class=\"cff-expand\">... <a href=\"#\" style=\"color: #\"><span class=\"cff-more\">Mehr<\/span><span class=\"cff-less\">Weniger<\/span><\/a><\/span>\n\n<\/div>\n\n<p class=\"cff-media-link\">\n\t<a href=\"https:\/\/www.facebook.com\/510121561113300\/posts\/978070977651687\" target=\"_blank\" style=\"color: #\">\n\t\t<span style=\"padding-right: 5px;\" class=\"fa fas fa-picture-o fa-image\"><\/span>Foto\t<\/a>\n<\/p>\n\t\t<div class=\"cff-post-links\">\n\t\t\t\t\t<a class=\"cff-viewpost-facebook\" href=\"https:\/\/www.facebook.com\/510121561113300\/posts\/978070977651687\" title=\"Gehe zu Facebook\" target=\"_blank\" rel=\"nofollow noopener\" >Gehe zu Facebook<\/a>\n\t\t\t\t\t\t\t<div class=\"cff-share-container\">\n\t\t\t\t\t\t\t\t\t<span class=\"cff-dot\" >&middot;<\/span>\n\t\t\t\t\t\t\t\t<a class=\"cff-share-link\" href=\"https:\/\/www.facebook.com\/sharer\/sharer.php?u=https%3A%2F%2Fwww.facebook.com%2F510121561113300%2Fposts%2F978070977651687\" title=\"Teilen\" >Teilen<\/a>\n\t\t\t\t<p class=\"cff-share-tooltip\">\n\t\t\t\t\t\t\t\t\t\t\t<a href=\"https:\/\/www.facebook.com\/sharer\/sharer.php?u=https%3A%2F%2Fwww.facebook.com%2F510121561113300%2Fposts%2F978070977651687\" target=\"_blank\" rel=\"noopener noreferrer\" class=\"cff-facebook-icon\">\n\t\t\t\t\t\t\t<span class=\"fa fab fa-facebook-square\" aria-hidden=\"true\"><\/span>\n\t\t\t\t\t\t\t<span class=\"cff-screenreader\">Auf Facebook teilen<\/span>\n\t\t\t\t\t\t<\/a>\n\t\t\t\t\t\t\t\t\t\t\t<a href=\"https:\/\/twitter.com\/intent\/tweet?text=https%3A%2F%2Fwww.facebook.com%2F510121561113300%2Fposts%2F978070977651687\" target=\"_blank\" rel=\"noopener noreferrer\" class=\"cff-twitter-icon\">\n\t\t\t\t\t\t\t<span class=\"fa fab fa-twitter\" aria-hidden=\"true\"><\/span>\n\t\t\t\t\t\t\t<span class=\"cff-screenreader\">Auf Twitter teilen<\/span>\n\t\t\t\t\t\t<\/a>\n\t\t\t\t\t\t\t\t\t\t\t<a href=\"https:\/\/www.linkedin.com\/shareArticle?mini=true&#038;url=https%3A%2F%2Fwww.facebook.com%2F510121561113300%2Fposts%2F978070977651687&#038;title=%09%09%09Ab%20sofort%20kann%20man%20bei%20uns%20in%20unseren%20neuen%20Glamping%20Zelten%20%C3%BCbernachten%20%F0%9F%A4%A9%20Diese%20wunderbaren%20G%C3%A4ste%20durften%20gestern%20das%20Zelt%20zum%20ersten%20Mal%20ausprobieren%20%F0%9F%98%8A%20Bis%20zu%204%20Personen%20k%C3%B6nnen%20hier%20%C3%BCbernachten%20und%20eine%20erholsame%20Zeit%20verbringen.%20Wir%20freuen%20uns%20auf%20zahlreiche%20G%C3%A4ste%20%E2%98%80%EF%B8%8F%09%09%09%09\" target=\"_blank\" rel=\"noopener noreferrer\" class=\"cff-linkedin-icon\">\n\t\t\t\t\t\t\t<span class=\"fa fab fa-linkedin\" aria-hidden=\"true\"><\/span>\n\t\t\t\t\t\t\t<span class=\"cff-screenreader\">Auf LinkedIn teilen<\/span>\n\t\t\t\t\t\t<\/a>\n\t\t\t\t\t\t\t\t\t\t\t<a href=\"mailto:?subject=Facebook&#038;body=https%3A%2F%2Fwww.facebook.com%2F510121561113300%2Fposts%2F978070977651687%20-%20%0A%0A%09%0A%09%09Ab%20sofort%20kann%20man%20bei%20uns%20in%20unseren%20neuen%20Glamping%20Zelten%20%C3%BCbernachten%20%F0%9F%A4%A9%20Diese%20wunderbaren%20G%C3%A4ste%20durften%20gestern%20das%20Zelt%20zum%20ersten%20Mal%20ausprobieren%20%F0%9F%98%8A%20Bis%20zu%204%20Personen%20k%C3%B6nnen%20hier%20%C3%BCbernachten%20und%20eine%20erholsame%20Zeit%20verbringen.%20Wir%20freuen%20uns%20auf%20zahlreiche%20G%C3%A4ste%20%E2%98%80%EF%B8%8F%09%09%09%0A%09\" target=\"_blank\" rel=\"noopener noreferrer\" class=\"cff-email-icon\">\n\t\t\t\t\t\t\t<span class=\"fa fab fa-envelope\" aria-hidden=\"true\"><\/span>\n\t\t\t\t\t\t\t<span class=\"cff-screenreader\">Per E-Mail teilen<\/span>\n\t\t\t\t\t\t<\/a>\n\t\t\t\t\t\t\t\t\t<\/p>\n\t\t\t<\/div>\n\t\t\t<\/div>\n\t<\/div>\n\n\n\n<\/div><input class=\"cff-pag-url\" type=\"hidden\" data-locatornonce=\"2aacdd0db2\" data-cff-shortcode=\"\" data-post-id=\"77\" data-feed-id=\"118411548202288\"><\/div><\/div><div class=\"cff-clear\"><\/div><\/div>\n<p>Mehr davon gibt es direkt auf <a href=\"http:\/\/www.facebook.com\/pages\/Terrassen-Camping-Traisen\/118411548202288\">unserer Facebook Seite<\/a>.<\/p>\n<p style=\"text-align: center; font-weight: bold;\"><span style=\"color: #ff0000;\">ACHTUNG:\u00a0 <\/span>Wir haben nach unserer Zwangspause seit 29.Mai wieder ge\u00f6ffnet und freuen uns schon auf Ihren Besuch!<\/p>\n<p style=\"text-align: center;\">\n","protected":false},"excerpt":{"rendered":"<p>Mehr davon gibt es direkt auf unserer Facebook Seite. ACHTUNG:\u00a0 Wir haben nach unserer Zwangspause seit 29.Mai wieder ge\u00f6ffnet und freuen uns schon auf Ihren Besuch!<\/p>\n","protected":false},"author":3,"featured_media":0,"parent":20,"menu_order":0,"comment_status":"closed","ping_status":"closed","template":"","meta":{"footnotes":""},"class_list":["post-77","page","type-page","status-publish","hentry"],"_links":{"self":[{"href":"https:\/\/www.camping-traisen.at\/en\/wp-json\/wp\/v2\/pages\/77","targetHints":{"allow":["GET"]}}],"collection":[{"href":"https:\/\/www.camping-traisen.at\/en\/wp-json\/wp\/v2\/pages"}],"about":[{"href":"https:\/\/www.camping-traisen.at\/en\/wp-json\/wp\/v2\/types\/page"}],"author":[{"embeddable":true,"href":"https:\/\/www.camping-traisen.at\/en\/wp-json\/wp\/v2\/users\/3"}],"replies":[{"embeddable":true,"href":"https:\/\/www.camping-traisen.at\/en\/wp-json\/wp\/v2\/comments?post=77"}],"version-history":[{"count":16,"href":"https:\/\/www.camping-traisen.at\/en\/wp-json\/wp\/v2\/pages\/77\/revisions"}],"predecessor-version":[{"id":3184,"href":"https:\/\/www.camping-traisen.at\/en\/wp-json\/wp\/v2\/pages\/77\/revisions\/3184"}],"up":[{"embeddable":true,"href":"https:\/\/www.camping-traisen.at\/en\/wp-json\/wp\/v2\/pages\/20"}],"wp:attachment":[{"href":"https:\/\/www.camping-traisen.at\/en\/wp-json\/wp\/v2\/media?parent=77"}],"curies":[{"name":"wp","href":"https:\/\/api.w.org\/{rel}","templated":true}]}}